{"id":13,"date":"2024-02-08T21:07:55","date_gmt":"2024-02-08T20:07:55","guid":{"rendered":"https:\/\/aresima.antropologiamadrid.org\/?page_id=13"},"modified":"2025-10-24T23:11:36","modified_gmt":"2025-10-24T21:11:36","slug":"podcast","status":"publish","type":"page","link":"https:\/\/aresima.antropologiamadrid.org\/?page_id=13","title":{"rendered":"Podcast"},"content":{"rendered":"\n<h2 class=\"wp-block-heading has-text-align-center\">M\u00c1S ALL\u00c1 DEL CONOCIMIENTO<\/h2>\n\n\n<div class=\"wp-block-image\">\n<figure class=\"aligncenter size-full\"><img loading=\"lazy\" decoding=\"async\" width=\"664\" height=\"478\" src=\"https:\/\/aresima.antropologiamadrid.org\/wp-content\/uploads\/2024\/02\/PODCAST-ARESIMA-01_RECORTADO.jpg\" alt=\"\" class=\"wp-image-49\" srcset=\"https:\/\/aresima.antropologiamadrid.org\/wp-content\/uploads\/2024\/02\/PODCAST-ARESIMA-01_RECORTADO.jpg 664w, https:\/\/aresima.antropologiamadrid.org\/wp-content\/uploads\/2024\/02\/PODCAST-ARESIMA-01_RECORTADO-300x216.jpg 300w\" sizes=\"auto, (max-width: 664px) 100vw, 664px\" \/><\/figure>\n<\/div>\n\n\n<hr class=\"wp-block-separator has-alpha-channel-opacity\"\/>\n\n\n\n<p>El podcast \u00ab<strong>M\u00e1s all\u00e1 del conocimiento<\/strong>\u00bb est\u00e1 producido y realizado por miembros del <strong>aresima<\/strong>, el grupo tem\u00e1tico de antropolog\u00eda de la religi\u00f3n y la espiritualidad del instituto madrile\u00f1o de antropolog\u00eda (<strong>IMA<\/strong>). Nuestro objetivo es explorar y visibilizar la gran diversidad de pr\u00e1cticas religiosas y espirituales entendidas en sentido amplio.<\/p>\n\n\n\n<p>Los episodios del podcast est\u00e1n disponibles DIRECTAMENTE en la web del ARESIMA, o en la plataforma <a href=\"https:\/\/www.ivoox.com\/podcast-mas-alla-del-conocimiento_sq_f12540952_1.html\"><strong>IVOOX<\/strong>.<\/a><\/p>\n\n\n\n<ul class=\"wp-block-list\">\n<li><strong>EPISODIO 01<\/strong>: \u00abPracticar mindfulness en horario de trabajo\u00bb. Santiago L\u00f3pez-Pavillard entrevista a Teo Altieri, miembro del Comit\u00e9 de Empresa por Comisiones Obreras en RTVE y miembro del C\u00edrculo Niguma, grupo budista tibetano fundado y dirigido por la Lama Tashi Lhamo. (<a href=\"https:\/\/aresima.antropologiamadrid.org\/wp-content\/uploads\/2025\/04\/PODCAST_01_SLP_ENT_TEO_ALTIERI.mp3\">ESCUCHAR EN LA WEB<\/a> \/ <a href=\"https:\/\/www.ivoox.com\/practicar-mindfulness-horario-trabajo-audios-mp3_rf_140617130_1.html\">ESCUCHAR EN IVOOX<\/a>)<\/li>\n\n\n\n<li><strong>EPISODIO 02<\/strong>: \u00abYoga \u00bfUna pr\u00e1ctica cambiante?\u00bb. Eleonora Bordogni entrevista a Jordi Mart\u00ed, uno de los mayores representantes del m\u00e9todo Iyengar en Espa\u00f1a.(<a href=\"https:\/\/aresima.antropologiamadrid.org\/wp-content\/uploads\/2025\/04\/PODCAST_02_EB_ENT_JORDI_MARTI.mp3\">ESCUCHAR EN LA WEB<\/a> \/ <a href=\"https:\/\/go.ivoox.com\/rf\/144332502\">ESCUCHAR EN IVOOX<\/a>)<\/li>\n\n\n\n<li><strong>EPISODIO 03:<\/strong> \u00abC\u00edrculo de Mujeres: cuerpo, feminidad y espiritualidad\u00bb. Santiago L\u00f3pez-Pavillard entrevista a Cristina Font, coorganizadora de &#8216;Tierra de Lunas&#8217; (<a href=\"https:\/\/aresima.antropologiamadrid.org\/wp-content\/uploads\/2025\/10\/CRISTINA-FONT_FINAL_01-ADOBE_IA.mp3\">ESCUCHAR EN LA WEB<\/a> \/ <a href=\"https:\/\/www.ivoox.com\/player_ej_146093656_6_1.html?c1=44748c\">ESCUCHAR EN IVOOX<\/a>)<\/li>\n<\/ul>\n\n\n\n<p><\/p>\n\n\n\n<p><strong>ELEONORA BORDOGNI<\/strong>: Soy antrop\u00f3loga social y cultural (UNED 2021; UAM 2022) y doctoranda contratada por la Universidad Carlos III. Mis principales trabajos han estado relacionados con la comunidad nepal\u00ed, en concreto, he estudiado la pr\u00e1ctica del Chhaupadi y la migraci\u00f3n de este colectivo al sur de Europa. Actualmente participo como investigadora en el proyecto financiado por la Comunidad de Madrid, \u00abReconfiguraciones de la pertenencia\u00bb en el que estudio el impacto del desplazamiento en los migrantes, con especial \u00e9nfasis en el aspecto emocional y corporal. El cuerpo es concebido como principio constitutivo de la experiencia individual e intersubjetiva, as\u00ed como reflejo de la acci\u00f3n del entorno geogr\u00e1fico y cultural sobre el individuo. En mi trabajo propongo incorporar herramientas audiovisuales para resaltar la importancia de la comunicaci\u00f3n no verbal, y tambi\u00e9n, por ser una metodolog\u00eda que permite una mayor difusi\u00f3n del conocimiento antropol\u00f3gico, abarcando un p\u00fablico m\u00e1s amplio.<\/p>\n\n\n\n<p><strong>SANTIAGO L\u00d3PEZ-PAVILLARD<\/strong>: Antrop\u00f3logo cultural, doctor por la Universidad Complutense de Madrid. COORDINADOR DEL ARESIMA. DIRECTOR DE LA ASOCIACI\u00d3N ELEUSIS PARA EL ESTUDIO DE LOS ESTADOS DE CONSCIENCIA (M\u00e1s info en: <a href=\"https:\/\/academia.asociacioneleusis.es\/quienes-somos\/\">https:\/\/academia.asociacioneleusis.es\/quienes-somos\/<\/a>).<\/p>\n\n\n\n<p>Si quieres ponerte en contacto con nosotras o tienes alguna sugerencia sobre posibles contenidos para los episodios del podcast, escr\u00edbenos a <a href=\"mailto:aresima@ima.org.es\">ARESIMA@ANTROPOLOGIAMADRID.ORG<\/a><\/p>\n\n\n\n<p class=\"has-text-align-center\"><\/p>\n\n\n\n<p><\/p>\n","protected":false},"excerpt":{"rendered":"<p>M\u00c1S ALL\u00c1 DEL CONOCIMIENTO El podcast \u00abM\u00e1s all\u00e1 del conocimiento\u00bb est\u00e1 producido y realizado por miembros del aresima, el grupo tem\u00e1tico de antropolog\u00eda de la religi\u00f3n y la espiritualidad del&hellip;&nbsp;<a href=\"https:\/\/aresima.antropologiamadrid.org\/?page_id=13\" class=\"\" rel=\"bookmark\">Leer m\u00e1s &raquo;<span class=\"screen-reader-text\">Podcast<\/span><\/a><\/p>\n","protected":false},"author":1,"featured_media":0,"parent":0,"menu_order":0,"comment_status":"closed","ping_status":"closed","template":"","meta":{"neve_meta_sidebar":"","neve_meta_container":"","neve_meta_enable_content_width":"on","neve_meta_content_width":100,"neve_meta_title_alignment":"","neve_meta_author_avatar":"","neve_post_elements_order":"","neve_meta_disable_header":"","neve_meta_disable_footer":"","neve_meta_disable_title":"on","_themeisle_gutenberg_block_has_review":false,"footnotes":""},"class_list":["post-13","page","type-page","status-publish","hentry"],"_links":{"self":[{"href":"https:\/\/aresima.antropologiamadrid.org\/index.php?rest_route=\/wp\/v2\/pages\/13","targetHints":{"allow":["GET"]}}],"collection":[{"href":"https:\/\/aresima.antropologiamadrid.org\/index.php?rest_route=\/wp\/v2\/pages"}],"about":[{"href":"https:\/\/aresima.antropologiamadrid.org\/index.php?rest_route=\/wp\/v2\/types\/page"}],"author":[{"embeddable":true,"href":"https:\/\/aresima.antropologiamadrid.org\/index.php?rest_route=\/wp\/v2\/users\/1"}],"replies":[{"embeddable":true,"href":"https:\/\/aresima.antropologiamadrid.org\/index.php?rest_route=%2Fwp%2Fv2%2Fcomments&post=13"}],"version-history":[{"count":24,"href":"https:\/\/aresima.antropologiamadrid.org\/index.php?rest_route=\/wp\/v2\/pages\/13\/revisions"}],"predecessor-version":[{"id":385,"href":"https:\/\/aresima.antropologiamadrid.org\/index.php?rest_route=\/wp\/v2\/pages\/13\/revisions\/385"}],"wp:attachment":[{"href":"https:\/\/aresima.antropologiamadrid.org\/index.php?rest_route=%2Fwp%2Fv2%2Fmedia&parent=13"}],"curies":[{"name":"wp","href":"https:\/\/api.w.org\/{rel}","templated":true}]}}